{"id":4045,"date":"2023-11-29T12:33:12","date_gmt":"2023-11-29T11:33:12","guid":{"rendered":"http:\/\/www.deutsch-langhaar-nord.de\/?page_id=4045"},"modified":"2026-04-14T17:08:30","modified_gmt":"2026-04-14T15:08:30","slug":"vorstand-2","status":"publish","type":"page","link":"https:\/\/www.deutsch-langhaar-nord.de\/?page_id=4045","title":{"rendered":"Ansprechpartner"},"content":{"rendered":"\t\t<div data-elementor-type=\"wp-page\" data-elementor-id=\"4045\" class=\"elementor elementor-4045\" data-elementor-settings=\"{&quot;ha_cmc_init_switcher&quot;:&quot;no&quot;}\">\n\t\t\t\t\t\t<section class=\"elementor-section elementor-top-section elementor-element elementor-element-5ca428b50 elementor-section-full_width elementor-section-height-default elementor-section-height-default wpr-particle-no wpr-jarallax-no wpr-parallax-no wpr-sticky-section-no wpr-equal-height-no\" data-id=\"5ca428b50\" data-element_type=\"section\" data-e-type=\"section\" data-settings=\"{&quot;_ha_eqh_enable&quot;:false}\">\n\t\t\t\t\t\t<div class=\"elementor-container elementor-column-gap-default\">\n\t\t\t\t\t<div class=\"elementor-column elementor-col-100 elementor-top-column elementor-element elementor-element-5564991e\" data-id=\"5564991e\" data-element_type=\"column\" data-e-type=\"column\">\n\t\t\t<div class=\"elementor-widget-wrap elementor-element-populated\">\n\t\t\t\t\t\t<div class=\"elementor-element elementor-element-44e948ef elementor-widget elementor-widget-heading\" data-id=\"44e948ef\" data-element_type=\"widget\" data-e-type=\"widget\" data-widget_type=\"heading.default\">\n\t\t\t\t<div class=\"elementor-widget-container\">\n\t\t\t\t\t<h2 class=\"elementor-heading-title elementor-size-default\">unser Vorstand<\/h2>\t\t\t\t<\/div>\n\t\t\t\t<\/div>\n\t\t\t\t<div class=\"elementor-element elementor-element-2472734e elementor-widget elementor-widget-text-editor\" data-id=\"2472734e\" data-element_type=\"widget\" data-e-type=\"widget\" data-widget_type=\"text-editor.default\">\n\t\t\t\t<div class=\"elementor-widget-container\">\n\t\t\t\t\t\t\t\t\t<p>&#8212;&#8212;&#8212;&#8212;&#8212;&#8212;&#8212;&#8212;&#8212;&#8212;&#8212;&#8212;&#8212;&#8212;<\/p>\t\t\t\t\t\t\t\t<\/div>\n\t\t\t\t<\/div>\n\t\t\t\t<section class=\"elementor-section elementor-inner-section elementor-element elementor-element-7e3015d9 elementor-section-full_width elementor-section-height-default elementor-section-height-default wpr-particle-no wpr-jarallax-no wpr-parallax-no wpr-sticky-section-no wpr-equal-height-no\" data-id=\"7e3015d9\" data-element_type=\"section\" data-e-type=\"section\" data-settings=\"{&quot;_ha_eqh_enable&quot;:false}\">\n\t\t\t\t\t\t<div class=\"elementor-container elementor-column-gap-wider\">\n\t\t\t\t\t<div class=\"elementor-column elementor-col-33 elementor-inner-column elementor-element elementor-element-27d4b276\" data-id=\"27d4b276\" data-element_type=\"column\" data-e-type=\"column\">\n\t\t\t<div class=\"elementor-widget-wrap elementor-element-populated\">\n\t\t\t\t\t\t<div class=\"elementor-element elementor-element-85edd35 wpr-team-member-divider-center elementor-widget elementor-widget-wpr-team-member\" data-id=\"85edd35\" data-element_type=\"widget\" data-e-type=\"widget\" data-widget_type=\"wpr-team-member.default\">\n\t\t\t\t<div class=\"elementor-widget-container\">\n\t\t\t\t\t\n\t<div class=\"wpr-team-member\">\n\t\t\t\t\t\n\t\t\t<div class=\"wpr-member-media\">\n\t\t\t\t<div class=\"wpr-member-image\">\n\t\t\t\t\t<img decoding=\"async\" src=\"https:\/\/www.deutsch-langhaar-nord.de\/wp-content\/uploads\/2026\/04\/Armin-689x1024.jpg\" alt=\"1.                          Vorsitzender\">\n\t\t\t\t<\/div>\n\t\t\t\t\t\t\t<\/div>\n\t\t\t\t\n\t\t\n\t\t<div class=\"wpr-member-content\">\n\t\t\t<h3 class=\"wpr-member-name\">1.                          Vorsitzender<\/h3>\n\t\t\t\n\t\t\t\t\t\t\t<div class=\"wpr-member-job\">Armin Knoll<\/div>\n\t\t\t\n\t\t\t\t\t\t\t<div class=\"wpr-member-divider\"><\/div>\n\t\t\t\n\t\t\t\t\t\t\t<div class=\"wpr-member-description\"><p> Hasenbeckallee 41; 21789 Wingst<\/p>\n<p>Mobil: 0171-8615644<\/p>                 \n<p>E-Mail:<\/p>\n<p><a href=\"mailto:a.knoll@deutsch-langhaar-nord.de\">\u00a01.Vorsitzender@deutsch-langhaar-nord.de<\/a><\/p><\/div>\n\t\t\t\t\t\t\n\t\t\t\t\t<\/div>\n\n\t\t\t<\/div>\n\n\t\t\t\t\t<\/div>\n\t\t\t\t<\/div>\n\t\t\t\t<div class=\"elementor-element elementor-element-3fbf0da wpr-team-member-divider-center elementor-widget elementor-widget-wpr-team-member\" data-id=\"3fbf0da\" data-element_type=\"widget\" data-e-type=\"widget\" data-widget_type=\"wpr-team-member.default\">\n\t\t\t\t<div class=\"elementor-widget-container\">\n\t\t\t\t\t\n\t<div class=\"wpr-team-member\">\n\t\t\t\t\t\n\t\t\t<div class=\"wpr-member-media\">\n\t\t\t\t<div class=\"wpr-member-image\">\n\t\t\t\t\t<img decoding=\"async\" src=\"https:\/\/www.deutsch-langhaar-nord.de\/wp-content\/uploads\/2026\/04\/Gabi.jpeg\" alt=\"Hauptzuchtwartin\">\n\t\t\t\t<\/div>\n\t\t\t\t\t\t\t<\/div>\n\t\t\t\t\n\t\t\n\t\t<div class=\"wpr-member-content\">\n\t\t\t<h3 class=\"wpr-member-name\">Hauptzuchtwartin<\/h3>\n\t\t\t\n\t\t\t\t\t\t\t<div class=\"wpr-member-job\">Gabriele Bachmann<\/div>\n\t\t\t\n\t\t\t\t\t\t\t<div class=\"wpr-member-divider\"><\/div>\n\t\t\t\n\t\t\t\t\t\t\t<div class=\"wpr-member-description\"><p>Leipziger Stra\u00dfe 7; 38165 Wendhausen<\/p>\n<p>Mobil: 0172 - 2702459<\/p>                 \n<p>E-Mail:<\/p>\n<p><a href=\"mailto:g.bachmann@deutsch-langhaar-nord.de\">\u00a0Hauptzuchtwart@deutsch-langhaar-nord.de<\/a><\/p><\/div>\n\t\t\t\t\t\t\n\t\t\t\t\t<\/div>\n\n\t\t\t<\/div>\n\n\t\t\t\t\t<\/div>\n\t\t\t\t<\/div>\n\t\t\t\t<div class=\"elementor-element elementor-element-eaecef0 wpr-team-member-divider-center elementor-widget elementor-widget-wpr-team-member\" data-id=\"eaecef0\" data-element_type=\"widget\" data-e-type=\"widget\" data-widget_type=\"wpr-team-member.default\">\n\t\t\t\t<div class=\"elementor-widget-container\">\n\t\t\t\t\t\n\t<div class=\"wpr-team-member\">\n\t\t\t\t\n\t\t\n\t\t<div class=\"wpr-member-content\">\n\t\t\t<h3 class=\"wpr-member-name\">Schatzmeisterin<\/h3>\n\t\t\t\n\t\t\t\t\t\t\t<div class=\"wpr-member-job\">Angela Nehring<\/div>\n\t\t\t\n\t\t\t\t\t\t\t<div class=\"wpr-member-divider\"><\/div>\n\t\t\t\n\t\t\t\t\t\t\t<div class=\"wpr-member-description\"><p>21709 D\u00fcdenb\u00fcttel<\/p>\n<p>Mobil: 0172 - 6522372<\/p>                 \n<p>E-Mail:<\/p>\n<p><a href=\"mailto:a.nehring@deutsch-langhaar-nord.de\">\u00a0Schatzmeister@deutsch-langhaar-nord.de<\/a><\/p><\/div>\n\t\t\t\t\t\t\n\t\t\t\t\t<\/div>\n\n\t\t\t<\/div>\n\n\t\t\t\t\t<\/div>\n\t\t\t\t<\/div>\n\t\t\t\t\t<\/div>\n\t\t<\/div>\n\t\t\t\t<div class=\"elementor-column elementor-col-33 elementor-inner-column elementor-element elementor-element-6190ec9\" data-id=\"6190ec9\" data-element_type=\"column\" data-e-type=\"column\">\n\t\t\t<div class=\"elementor-widget-wrap elementor-element-populated\">\n\t\t\t\t\t\t<div class=\"elementor-element elementor-element-670fe1f wpr-team-member-divider-center elementor-widget elementor-widget-wpr-team-member\" data-id=\"670fe1f\" data-element_type=\"widget\" data-e-type=\"widget\" data-widget_type=\"wpr-team-member.default\">\n\t\t\t\t<div class=\"elementor-widget-container\">\n\t\t\t\t\t\n\t<div class=\"wpr-team-member\">\n\t\t\t\t\t\n\t\t\t<div class=\"wpr-member-media\">\n\t\t\t\t<div class=\"wpr-member-image\">\n\t\t\t\t\t<img decoding=\"async\" src=\"https:\/\/www.deutsch-langhaar-nord.de\/wp-content\/uploads\/2026\/04\/b667ea15-a0eb-49c5-bef5-87e55b5356d6-scaled-e1776177445191-690x1024.jpg\" alt=\"2. Vorsitzender\">\n\t\t\t\t<\/div>\n\t\t\t\t\t\t\t<\/div>\n\t\t\t\t\n\t\t\n\t\t<div class=\"wpr-member-content\">\n\t\t\t<h3 class=\"wpr-member-name\">2. Vorsitzender<\/h3>\n\t\t\t\n\t\t\t\t\t\t\t<div class=\"wpr-member-job\">Volker Storm<\/div>\n\t\t\t\n\t\t\t\t\t\t\t<div class=\"wpr-member-divider\"><\/div>\n\t\t\t\n\t\t\t\t\t\t\t<div class=\"wpr-member-description\"><p>Im Busch 11A;  21714 Hammah<\/p>\n<p>Mobil: 0172 - 4035247<\/p>\n<p>E-Mail:<\/p>\n<p><a href=\"mailto:v.storm@deutsch-langhaar-nord.de\">\u00a02.Vorsitzender@deutsch-langhaar-nord.de<\/a><\/p><\/div>\n\t\t\t\t\t\t\n\t\t\t\t\t<\/div>\n\n\t\t\t<\/div>\n\n\t\t\t\t\t<\/div>\n\t\t\t\t<\/div>\n\t\t\t\t<div class=\"elementor-element elementor-element-d207a2b wpr-team-member-divider-center elementor-widget elementor-widget-wpr-team-member\" data-id=\"d207a2b\" data-element_type=\"widget\" data-e-type=\"widget\" data-widget_type=\"wpr-team-member.default\">\n\t\t\t\t<div class=\"elementor-widget-container\">\n\t\t\t\t\t\n\t<div class=\"wpr-team-member\">\n\t\t\t\t\t\n\t\t\t<div class=\"wpr-member-media\">\n\t\t\t\t<div class=\"wpr-member-image\">\n\t\t\t\t\t<img decoding=\"async\" src=\"https:\/\/www.deutsch-langhaar-nord.de\/wp-content\/uploads\/2026\/04\/Cathrin-scaled.jpg\" alt=\"Pressewartin\">\n\t\t\t\t<\/div>\n\t\t\t\t\t\t\t<\/div>\n\t\t\t\t\n\t\t\n\t\t<div class=\"wpr-member-content\">\n\t\t\t<h2 class=\"wpr-member-name\">Pressewartin<\/h2>\n\t\t\t\n\t\t\t\t\t\t\t<div class=\"wpr-member-job\">Cathrin Petsch<\/div>\n\t\t\t\n\t\t\t\t\t\t\t<div class=\"wpr-member-divider\"><\/div>\n\t\t\t\n\t\t\t\t\t\t\t<div class=\"wpr-member-description\"><p>\u00dcberschu\u00df 31; 21726 Hagenah<\/p>\n<p>Mobil: 0162 - 7147517<\/p>                 \n<p>E-Mail:<\/p>\nfolgt\n<\/div>\n\t\t\t\t\t\t\n\t\t\t\t\t<\/div>\n\n\t\t\t<\/div>\n\n\t\t\t\t\t<\/div>\n\t\t\t\t<\/div>\n\t\t\t\t\t<\/div>\n\t\t<\/div>\n\t\t\t\t<div class=\"elementor-column elementor-col-33 elementor-inner-column elementor-element elementor-element-572add1\" data-id=\"572add1\" data-element_type=\"column\" data-e-type=\"column\">\n\t\t\t<div class=\"elementor-widget-wrap elementor-element-populated\">\n\t\t\t\t\t\t<div class=\"elementor-element elementor-element-474bf231 wpr-team-member-divider-center elementor-widget elementor-widget-wpr-team-member\" data-id=\"474bf231\" data-element_type=\"widget\" data-e-type=\"widget\" data-widget_type=\"wpr-team-member.default\">\n\t\t\t\t<div class=\"elementor-widget-container\">\n\t\t\t\t\t\n\t<div class=\"wpr-team-member\">\n\t\t\t\t\t\n\t\t\t<div class=\"wpr-member-media\">\n\t\t\t\t<div class=\"wpr-member-image\">\n\t\t\t\t\t<img decoding=\"async\" src=\"https:\/\/www.deutsch-langhaar-nord.de\/wp-content\/uploads\/2026\/04\/Anja-e1776177848238.jpg\" alt=\"Schriftf\u00fchrerin\">\n\t\t\t\t<\/div>\n\t\t\t\t\t\t\t<\/div>\n\t\t\t\t\n\t\t\n\t\t<div class=\"wpr-member-content\">\n\t\t\t<h2 class=\"wpr-member-name\">Schriftf\u00fchrerin<\/h2>\n\t\t\t\n\t\t\t\t\t\t\t<div class=\"wpr-member-job\">Anja Storm<\/div>\n\t\t\t\n\t\t\t\t\t\t\t<div class=\"wpr-member-divider\"><\/div>\n\t\t\t\n\t\t\t\t\t\t\t<div class=\"wpr-member-description\"><p>Im Busch 11A;  21714 Hammah<\/p>\n<p>Mobil: 0171-1006844<\/p>                 \n<p>E-Mail:<\/p>\n<p><a href=\"mailto:a.storm@deutsch-langhaar-nord.de\">\u00a0Schriftfuehrer@deutsch-langhaar-nord.de<\/a><\/p><\/div>\n\t\t\t\t\t\t\n\t\t\t\t\t<\/div>\n\n\t\t\t<\/div>\n\n\t\t\t\t\t<\/div>\n\t\t\t\t<\/div>\n\t\t\t\t<div class=\"elementor-element elementor-element-68deaec elementor-widget__width-initial wpr-team-member-divider-center elementor-widget elementor-widget-wpr-team-member\" data-id=\"68deaec\" data-element_type=\"widget\" data-e-type=\"widget\" data-widget_type=\"wpr-team-member.default\">\n\t\t\t\t<div class=\"elementor-widget-container\">\n\t\t\t\t\t\n\t<div class=\"wpr-team-member\">\n\t\t\t\t\t\n\t\t\t<div class=\"wpr-member-media\">\n\t\t\t\t<div class=\"wpr-member-image\">\n\t\t\t\t\t<img decoding=\"async\" src=\"https:\/\/www.deutsch-langhaar-nord.de\/wp-content\/uploads\/2026\/04\/Heiko-scaled-e1776179223808.jpg\" alt=\"Pr\u00fcfungsobmann\">\n\t\t\t\t<\/div>\n\t\t\t\t\t\t\t<\/div>\n\t\t\t\t\n\t\t\n\t\t<div class=\"wpr-member-content\">\n\t\t\t<h3 class=\"wpr-member-name\">Pr\u00fcfungsobmann<\/h3>\n\t\t\t\n\t\t\t\t\t\t\t<div class=\"wpr-member-job\">Heiko Winter<\/div>\n\t\t\t\n\t\t\t\t\t\t\t<div class=\"wpr-member-divider\"><\/div>\n\t\t\t\n\t\t\t\t\t\t\t<div class=\"wpr-member-description\"><p>Ziegelkamper Str. 70; 21745 Hemmoor<\/p>\n<p>Mobil: 0160 - 97427025<\/p>                 \n<p>E-Mail:<\/p>\n<p><a href=\"mailto:h.winter@deutsch-langhaar-nord.de\">\u00a0Pr\u00fcfungsobmann@deutsch-langhaar-nord.de<\/a><\/p><\/div>\n\t\t\t\t\t\t\n\t\t\t\t\t<\/div>\n\n\t\t\t<\/div>\n\n\t\t\t\t\t<\/div>\n\t\t\t\t<\/div>\n\t\t\t\t\t<\/div>\n\t\t<\/div>\n\t\t\t\t\t<\/div>\n\t\t<\/section>\n\t\t\t\t\t<\/div>\n\t\t<\/div>\n\t\t\t\t\t<\/div>\n\t\t<\/section>\n\t\t\t\t<\/div>\n\t\t","protected":false},"excerpt":{"rendered":"<p>unser Vorstand &#8212;&#8212;&#8212;&#8212;&#8212;&#8212;&#8212;&#8212;&#8212;&#8212;&#8212;&#8212;&#8212;&#8212; 1. Vorsitzender Armin Knoll Hasenbeckallee 41; 21789 Wingst Mobil: 0171-8615644 E-Mail: \u00a01.Vorsitzender@deutsch-langhaar-nord.de Hauptzuchtwartin Gabriele Bachmann Leipziger Stra\u00dfe 7; 38165 Wendhausen Mobil: 0172 &#8211; 2702459 E-Mail: \u00a0Hauptzuchtwart@deutsch-langhaar-nord.de Schatzmeisterin Angela Nehring 21709 D\u00fcdenb\u00fcttel Mobil: 0172 &#8211; 6522372 E-Mail: \u00a0Schatzmeister@deutsch-langhaar-nord.de 2. Vorsitzender Volker Storm Im Busch 11A; 21714 Hammah Mobil: 0172 &#8211; 4035247 E-Mail: \u00a02.Vorsitzender@deutsch-langhaar-nord.de Pressewartin Cathrin Petsch \u00dcberschu\u00df 31; 21726 Hagenah Mobil: 0162 &#8211; 7147517 E-Mail: folgt Schriftf\u00fchrerin Anja Storm Im Busch 11A; 21714 Hammah Mobil: 0171-1006844 E-Mail: \u00a0Schriftfuehrer@deutsch-langhaar-nord.de Pr\u00fcfungsobmann Heiko Winter Ziegelkamper Str. 70; 21745 Hemmoor Mobil: 0160 &#8211; 97427025 E-Mail: \u00a0Pr\u00fcfungsobmann@deutsch-langhaar-nord.de<\/p>\n","protected":false},"author":1,"featured_media":0,"parent":0,"menu_order":0,"comment_status":"closed","ping_status":"closed","template":"","meta":{"footnotes":""},"class_list":["post-4045","page","type-page","status-publish","hentry"],"_links":{"self":[{"href":"https:\/\/www.deutsch-langhaar-nord.de\/index.php?rest_route=\/wp\/v2\/pages\/4045","targetHints":{"allow":["GET"]}}],"collection":[{"href":"https:\/\/www.deutsch-langhaar-nord.de\/index.php?rest_route=\/wp\/v2\/pages"}],"about":[{"href":"https:\/\/www.deutsch-langhaar-nord.de\/index.php?rest_route=\/wp\/v2\/types\/page"}],"author":[{"embeddable":true,"href":"https:\/\/www.deutsch-langhaar-nord.de\/index.php?rest_route=\/wp\/v2\/users\/1"}],"replies":[{"embeddable":true,"href":"https:\/\/www.deutsch-langhaar-nord.de\/index.php?rest_route=%2Fwp%2Fv2%2Fcomments&post=4045"}],"version-history":[{"count":135,"href":"https:\/\/www.deutsch-langhaar-nord.de\/index.php?rest_route=\/wp\/v2\/pages\/4045\/revisions"}],"predecessor-version":[{"id":7984,"href":"https:\/\/www.deutsch-langhaar-nord.de\/index.php?rest_route=\/wp\/v2\/pages\/4045\/revisions\/7984"}],"wp:attachment":[{"href":"https:\/\/www.deutsch-langhaar-nord.de\/index.php?rest_route=%2Fwp%2Fv2%2Fmedia&parent=4045"}],"curies":[{"name":"wp","href":"https:\/\/api.w.org\/{rel}","templated":true}]}}